{"id":198,"date":"2015-05-01T09:12:51","date_gmt":"2015-05-01T08:12:51","guid":{"rendered":"http:\/\/2015.ostravskamuzejninoc.cz\/?page_id=198"},"modified":"2015-05-28T11:12:22","modified_gmt":"2015-05-28T10:12:22","slug":"cesky-stredni-odborna-skola-umelecka-a-gymnazium","status":"publish","type":"page","link":"https:\/\/2015.ostravskamuzejninoc.cz\/en\/cesky-stredni-odborna-skola-umelecka-a-gymnazium\/","title":{"rendered":"Secondary Art School&#8230;"},"content":{"rendered":"<p><\/p>\n<table class=\"alignleft\" border=\"0\" width=\"700\" cellspacing=\"0\" cellpadding=\"0\">\n<tbody>\n<tr>\n<td valign=\"top\" width=\"380\">\n<h1>Secondary Art School and a Grammar School<\/h1>\n<p>We are a rare school with a tradition that develops and support individuality.<\/p>\n<p>We prepared a vivid selection of artistic activities in the studios of individual subjects, screenings of student films and animations, tour of the school and surprises.<\/p>\n<h5>18.00\u201322.00<\/h5>\n<h4>Exhibition of final and school-leaving works by students of these subjects:<\/h4>\n<ul>\n<li>Design art metal<\/li>\n<li>Sculpture design space<\/li>\n<li>Multimedia graphics design<\/li>\n<\/ul>\n<h5>18.00\u201322.00<\/h5>\n<h4>Workshops in the studios of individual subjects<\/h4>\n<h5>18.00\u201322.00<\/h5>\n<h4>Drawing in the studio<\/h4>\n<p>Take a look at the up-to-date art \u2013 Kn\u00ed\u017e\u00e1k might be there too!<\/p>\n<p>This cannot be described, this must be lived \ud83d\ude42<\/td>\n<td width=\"20\"><\/td>\n<td valign=\"top\" width=\"300\">\n<h2><a class=\"cboxElement\" title=\"St\u0159edn\u00ed odborn\u00e1 \u0161kola um\u011bleck\u00e1...\" href=\"https:\/\/2015.ostravskamuzejninoc.cz\/wp-content\/uploads\/2015\/05\/01_umelecka.jpg\" rel=\"lightbox[198]\"><img loading=\"lazy\" class=\"alignnone size-medium wp-image-381\" src=\"https:\/\/2015.ostravskamuzejninoc.cz\/wp-content\/uploads\/2015\/05\/01_umelecka-300x189.jpg\" alt=\"OLYMPUS DIGITAL CAMERA\" width=\"300\" height=\"189\" srcset=\"https:\/\/2015.ostravskamuzejninoc.cz\/wp-content\/uploads\/2015\/05\/01_umelecka-300x189.jpg 300w, https:\/\/2015.ostravskamuzejninoc.cz\/wp-content\/uploads\/2015\/05\/01_umelecka.jpg 800w\" sizes=\"(max-width: 300px) 100vw, 300px\" \/><\/a> <a class=\"cboxElement\" title=\"St\u0159edn\u00ed odborn\u00e1 \u0161kola um\u011bleck\u00e1...\" href=\"https:\/\/2015.ostravskamuzejninoc.cz\/wp-content\/uploads\/2015\/05\/02_umelecka.jpg\" rel=\"lightbox[198]\"><img loading=\"lazy\" class=\"alignnone size-medium wp-image-382\" src=\"https:\/\/2015.ostravskamuzejninoc.cz\/wp-content\/uploads\/2015\/05\/02_umelecka-300x199.jpg\" alt=\"02_umelecka\" width=\"300\" height=\"199\" srcset=\"https:\/\/2015.ostravskamuzejninoc.cz\/wp-content\/uploads\/2015\/05\/02_umelecka-300x199.jpg 300w, https:\/\/2015.ostravskamuzejninoc.cz\/wp-content\/uploads\/2015\/05\/02_umelecka.jpg 800w\" sizes=\"(max-width: 300px) 100vw, 300px\" \/><\/a> <a class=\"cboxElement\" title=\"St\u0159edn\u00ed odborn\u00e1 \u0161kola um\u011bleck\u00e1...\" href=\"https:\/\/2015.ostravskamuzejninoc.cz\/wp-content\/uploads\/2015\/05\/03_umelecka.jpg\" rel=\"lightbox[198]\"><img loading=\"lazy\" class=\"alignnone size-medium wp-image-383\" src=\"https:\/\/2015.ostravskamuzejninoc.cz\/wp-content\/uploads\/2015\/05\/03_umelecka-300x200.jpg\" alt=\"03_umelecka\" width=\"300\" height=\"200\" srcset=\"https:\/\/2015.ostravskamuzejninoc.cz\/wp-content\/uploads\/2015\/05\/03_umelecka-300x200.jpg 300w, https:\/\/2015.ostravskamuzejninoc.cz\/wp-content\/uploads\/2015\/05\/03_umelecka.jpg 800w\" sizes=\"(max-width: 300px) 100vw, 300px\" \/><\/a><\/h2>\n<h2>Contact:<\/h2>\n<p>St\u0159edn\u00ed odborn\u00e1 \u0161kola um\u011bleck\u00e1<br \/>\na gymn\u00e1zium, s.r.o.,<br \/>\nHulv\u00e1ck\u00e1 384\/1<br \/>\n700 30 Ostrava-Z\u00e1b\u0159eh<br \/>\nE-mail: <a href=\"mailto:skola@umelecka.cz\">skola@umelecka.cz<\/a><br \/>\nWeb: <a href=\"https:\/\/www.umelecka.cz\/\">www.umelecka.cz<\/a><br \/>\nPhone number: 596 786\u00a0690, 777 171 757<\/td>\n<\/tr>\n<\/tbody>\n<\/table>\n<p><\/p>","protected":false},"excerpt":{"rendered":"<p>Secondary Art School and a Grammar School We are a rare school with a tradition that develops and support individuality. We prepared a vivid selection of artistic activities in the studios of individual subjects, screenings of student films and animations, tour of the school and surprises. 18.00\u201322.00 Exhibition of final and school-leaving works by students [&hellip;]<\/p>\n","protected":false},"author":1,"featured_media":0,"parent":0,"menu_order":0,"comment_status":"closed","ping_status":"closed","template":"","meta":[],"_links":{"self":[{"href":"https:\/\/2015.ostravskamuzejninoc.cz\/en\/wp-json\/wp\/v2\/pages\/198"}],"collection":[{"href":"https:\/\/2015.ostravskamuzejninoc.cz\/en\/wp-json\/wp\/v2\/pages"}],"about":[{"href":"https:\/\/2015.ostravskamuzejninoc.cz\/en\/wp-json\/wp\/v2\/types\/page"}],"author":[{"embeddable":true,"href":"https:\/\/2015.ostravskamuzejninoc.cz\/en\/wp-json\/wp\/v2\/users\/1"}],"replies":[{"embeddable":true,"href":"https:\/\/2015.ostravskamuzejninoc.cz\/en\/wp-json\/wp\/v2\/comments?post=198"}],"version-history":[{"count":9,"href":"https:\/\/2015.ostravskamuzejninoc.cz\/en\/wp-json\/wp\/v2\/pages\/198\/revisions"}],"predecessor-version":[{"id":808,"href":"https:\/\/2015.ostravskamuzejninoc.cz\/en\/wp-json\/wp\/v2\/pages\/198\/revisions\/808"}],"wp:attachment":[{"href":"https:\/\/2015.ostravskamuzejninoc.cz\/en\/wp-json\/wp\/v2\/media?parent=198"}],"curies":[{"name":"wp","href":"https:\/\/api.w.org\/{rel}","templated":true}]}}