{"id":119,"date":"2015-04-29T12:19:04","date_gmt":"2015-04-29T11:19:04","guid":{"rendered":"http:\/\/2015.ostravskamuzejninoc.cz\/?page_id=119"},"modified":"2015-05-26T16:53:06","modified_gmt":"2015-05-26T15:53:06","slug":"cesky-plato-platforma-pro-soucasne-umeni-ostrava","status":"publish","type":"page","link":"https:\/\/2015.ostravskamuzejninoc.cz\/pl\/cesky-plato-platforma-pro-soucasne-umeni-ostrava\/","title":{"rendered":"PLATO \u2013 platforma (wsp\u00f3\u0142czesnej sztuki) Ostrawa"},"content":{"rendered":"<p><\/p>\n<table class=\"alignleft\" border=\"0\" width=\"700\" cellspacing=\"0\" cellpadding=\"0\">\n<tbody>\n<tr>\n<td valign=\"top\" width=\"380\">\n<h1>PLATO \u2013 platforma (wsp\u00f3\u0142czesnej sztuki) Ostrawa<\/h1>\n<h1>Galeria miasta Ostrawy<\/h1>\n<p>PLATO to spos\u00f3b r\u00f3\u017cnorodnego po\u015bredniczenia w spotkaniach ze sztuk\u0105 wsp\u00f3\u0142czesn\u0105<\/p>\n<p>PLATO przedstawia tw\u00f3rczo\u015b\u0107 wsp\u00f3\u0142czesnych krajowych i zagranicznych artyst\u00f3w, a w programie towarzysz\u0105cym Misja paralelna osadza sztuk\u0119 wsp\u00f3\u0142czesn\u0105 w szerszym kontek\u015bcie wsp\u00f3\u0142czesnej kultury w poszerzonym polu pozosta\u0142ych rodzaj\u00f3w artystycznych (literatura, muzyka, teatr, taniec).<\/p>\n<p>Dalej oferuje programy edukacyjne dla szk\u00f3\u0142 i pedagog\u00f3w oraz programy dla rodzin z dzie\u0107mi.<\/p>\n<h3>Zale\u017cy mi na tym jak na s\u0142omce<\/h3>\n<h5>18.00\u201321.00<\/h5>\n<h3>Mistrz baniek mydlanych Ond\u0159ej Holba<\/h3>\n<p>Wielkie ba\u0144ki mydlane, tenis baniek mydlanych oraz \u201eba\u0144ko\u0142apki\u201d<\/p>\n<h5>18.00\u201323.00<\/h5>\n<h3>Warsztaty banek mydlanych<\/h3>\n<p>Tradycyjne i nietradycyjne wytwarzanie baniek mydlanych, malowanie ba\u0144kami, wyprodukowanie oryginalnego przyrz\u0105du do puszczania baniek, folia b\u0105belkowa jako p\u0142\u00f3tno malarskie.<\/p>\n<h5>22.00<\/h5>\n<h3>Puszczanie baniek mydlanych z balkonu Gongu<\/h3>\n<p>Pr\u00f3ba bicia rekordu w liczbie baniek mydlanych w obiektach by\u0142ego zbiornika gazu.<\/p>\n<h3>Grupa Artystyczna Record<\/h3>\n<h5>18.00\u201323.00<\/h5>\n<h3>Na pami\u0119tn\u0105 pami\u0105tk\u0119<\/h3>\n<p>Grupa Record prawdopodobnie od\u015bwie\u017cy Pa\u0144stwa nietuzinkowymi koktajlami, powiezie w luksusowym konfesjonale, zrobi wszystko by popsu\u0107 pogod\u0119 i jedna rzecz jest pewna \u2013 nie odejd\u0105 Pa\u0144stwo z pustymi r\u0119koma. W sk\u0142ad Grupy Record wchodz\u0105: Petr Pavl\u00e1n, Martin Egert, Milan Kutina.<\/p>\n<h3>Zwiedzanie z przewodnikiem<\/h3>\n<h5>19.30<\/h5>\n<h3>\u00a0Stano Filko: 5.D. (galeria Gong)<\/h3>\n<h5>20.30<\/h5>\n<h3>\u00a0Wystawa (hala Gongu)<\/h3>\n<\/td>\n<td width=\"20\"><\/td>\n<td valign=\"top\" width=\"300\"><img loading=\"lazy\" src=\"https:\/\/2014.ostravskamuzejninoc.cz\/wp-content\/uploads\/2014\/05\/plato_logo.png\" alt=\"plato_logo\" width=\"250\" height=\"126\" \/><\/p>\n<h2><a href=\"https:\/\/2015.ostravskamuzejninoc.cz\/wp-content\/uploads\/2015\/04\/Plato-Stano-Filko-vernisaz-700x460.jpg\"><img loading=\"lazy\" class=\"alignnone size-medium wp-image-324\" src=\"https:\/\/2015.ostravskamuzejninoc.cz\/wp-content\/uploads\/2015\/04\/Plato-Stano-Filko-vernisaz-700x460-300x197.jpg\" alt=\"Plato-Stano-Filko-vernisaz-700x460\" width=\"300\" height=\"197\" srcset=\"https:\/\/2015.ostravskamuzejninoc.cz\/wp-content\/uploads\/2015\/04\/Plato-Stano-Filko-vernisaz-700x460-300x197.jpg 300w, https:\/\/2015.ostravskamuzejninoc.cz\/wp-content\/uploads\/2015\/04\/Plato-Stano-Filko-vernisaz-700x460.jpg 700w\" sizes=\"(max-width: 300px) 100vw, 300px\" \/><\/a><\/h2>\n<h2>Kontakt:<\/h2>\n<p>PLATO \u2013 platforma (sztuki wsp\u00f3\u0142czesnej) Ostrava, Galerie m\u011bsta Ostravy<br \/>\nDoln\u00ed oblast V\u00edtkovic, Rusk\u00e1 2993, Ostrava-V\u00edtkovice<br \/>\nE-mail: <a href=\"mailto:plato@plato-ostrava.cz\">plato@plato-ostrava.cz<\/a><br \/>\nWeb: <a href=\"https:\/\/www.plato-ostrava.cz\" target=\"_blank\">www.plato-ostrava.cz<\/a><br \/>\nTel.: 702 093 950, 595 953 211<\/td>\n<\/tr>\n<\/tbody>\n<\/table>\n<p><\/p>","protected":false},"excerpt":{"rendered":"<p>PLATO \u2013 platforma (wsp\u00f3\u0142czesnej sztuki) Ostrawa Galeria miasta Ostrawy PLATO to spos\u00f3b r\u00f3\u017cnorodnego po\u015bredniczenia w spotkaniach ze sztuk\u0105 wsp\u00f3\u0142czesn\u0105 PLATO przedstawia tw\u00f3rczo\u015b\u0107 wsp\u00f3\u0142czesnych krajowych i zagranicznych artyst\u00f3w, a w programie towarzysz\u0105cym Misja paralelna osadza sztuk\u0119 wsp\u00f3\u0142czesn\u0105 w szerszym kontek\u015bcie wsp\u00f3\u0142czesnej kultury w poszerzonym polu pozosta\u0142ych rodzaj\u00f3w artystycznych (literatura, muzyka, teatr, taniec). Dalej oferuje programy edukacyjne [&hellip;]<\/p>\n","protected":false},"author":1,"featured_media":0,"parent":0,"menu_order":0,"comment_status":"closed","ping_status":"closed","template":"","meta":[],"_links":{"self":[{"href":"https:\/\/2015.ostravskamuzejninoc.cz\/pl\/wp-json\/wp\/v2\/pages\/119"}],"collection":[{"href":"https:\/\/2015.ostravskamuzejninoc.cz\/pl\/wp-json\/wp\/v2\/pages"}],"about":[{"href":"https:\/\/2015.ostravskamuzejninoc.cz\/pl\/wp-json\/wp\/v2\/types\/page"}],"author":[{"embeddable":true,"href":"https:\/\/2015.ostravskamuzejninoc.cz\/pl\/wp-json\/wp\/v2\/users\/1"}],"replies":[{"embeddable":true,"href":"https:\/\/2015.ostravskamuzejninoc.cz\/pl\/wp-json\/wp\/v2\/comments?post=119"}],"version-history":[{"count":28,"href":"https:\/\/2015.ostravskamuzejninoc.cz\/pl\/wp-json\/wp\/v2\/pages\/119\/revisions"}],"predecessor-version":[{"id":707,"href":"https:\/\/2015.ostravskamuzejninoc.cz\/pl\/wp-json\/wp\/v2\/pages\/119\/revisions\/707"}],"wp:attachment":[{"href":"https:\/\/2015.ostravskamuzejninoc.cz\/pl\/wp-json\/wp\/v2\/media?parent=119"}],"curies":[{"name":"wp","href":"https:\/\/api.w.org\/{rel}","templated":true}]}}