{"id":146,"date":"2015-04-29T13:06:59","date_gmt":"2015-04-29T12:06:59","guid":{"rendered":"http:\/\/2015.ostravskamuzejninoc.cz\/?page_id=146"},"modified":"2015-05-26T17:05:21","modified_gmt":"2015-05-26T16:05:21","slug":"old-arena","status":"publish","type":"page","link":"https:\/\/2015.ostravskamuzejninoc.cz\/pl\/old-arena\/","title":{"rendered":"Star\u00e1 ar\u00e9na"},"content":{"rendered":"<p><\/p>\n<table class=\"alignleft\" border=\"0\" width=\"700\" cellspacing=\"0\" cellpadding=\"0\">\n<tbody>\n<tr>\n<td valign=\"top\" width=\"380\">\n<h1>Stara arena<\/h1>\n<p>Stara arena to obecnie przestrze\u0144 dla kreatywnych z zapleczem kawiarni i sali teatralnej. Powsta\u0142a w czasie kandydowania Ostrawy do tytu\u0142u Europejska Stolica Kultury 2015. W przesz\u0142o\u015bci w tym miejscu dzia\u0142a\u0142 Teatr Muzyczny, a po nim Scena Kameralna Arena.<\/p>\n<h5>17.00\u201324.00<\/h5>\n<h3>\u00a0Wst\u0119p wolny do kawiarni Stara arena<\/h3>\n<h5>17.00\u201320.00<\/h5>\n<h3>\u00a0Co p\u00f3\u0142 godziny oprowadzanie po pomieszczeniach Starej areny<\/h3>\n<p>Op\u0142ata dobrowolna<\/p>\n<h5>20.00\u201321.30<\/h5>\n<h3>IMP\u00c9\u010cKO<\/h3>\n<p>Wiecz\u00f3r pe\u0142en improwizowanych skeczy i zwariowanego humoru. Zesp\u00f3\u0142 aktor\u00f3w realizuje zadania poszczeg\u00f3lnych dyscyplin improwizacyjnych. Ich regu\u0142 ani cel\u00f3w aktorzy nie znaj\u0105, dlatego musz\u0105 reagowa\u0107 na gor\u0105co.<\/p>\n<p>Zadanie cz\u0119sto stawiane jest przez publiczno\u015b\u0107, a wi\u0119c i Pa\u0144stwo mo\u017cecie okre\u015bli\u0107 to, co b\u0119dzie grane.<\/p>\n<p>Wszystko toczy si\u0119 wartko, i dlatego w kr\u00f3tkim czasie b\u0119dzie to wielka porcja gag\u00f3w, kt\u00f3re zdecydowanie rozmasuj\u0105 Pa\u0144stwa przepon\u0119.<\/p>\n<p>Dajcie si\u0119 wci\u0105gn\u0105\u0107 w burz\u0119 zwariowanego humoru. Wej\u015bci\u00f3wka 60 koron w przedsprzeda\u017cy, a 80 koron przed przedstawieniem. Numer telefonu rezerwacji oraz bli\u017csze informacje 777 420 152. Widownia obliczona dla 50-70 os\u00f3b.<\/td>\n<td width=\"20\"><\/td>\n<td valign=\"top\" width=\"300\">\n<h2><img loading=\"lazy\" class=\"alignleft  wp-image-196\" src=\"https:\/\/2014.ostravskamuzejninoc.cz\/wp-content\/uploads\/2014\/05\/logo_stara_arena.png\" alt=\"logo_stara_arena\" width=\"262\" height=\"88\" \/><\/h2>\n<h2><\/h2>\n<h2><\/h2>\n<p><a href=\"https:\/\/2015.ostravskamuzejninoc.cz\/wp-content\/uploads\/2015\/04\/stara_arena_2015.jpg\"><img loading=\"lazy\" class=\"alignnone size-medium wp-image-344\" src=\"https:\/\/2015.ostravskamuzejninoc.cz\/wp-content\/uploads\/2015\/04\/stara_arena_2015-300x207.jpg\" alt=\"stara_arena_2015\" width=\"300\" height=\"207\" srcset=\"https:\/\/2015.ostravskamuzejninoc.cz\/wp-content\/uploads\/2015\/04\/stara_arena_2015-300x207.jpg 300w, https:\/\/2015.ostravskamuzejninoc.cz\/wp-content\/uploads\/2015\/04\/stara_arena_2015.jpg 800w\" sizes=\"(max-width: 300px) 100vw, 300px\" \/><\/a> <a href=\"https:\/\/2015.ostravskamuzejninoc.cz\/wp-content\/uploads\/2015\/04\/stara_arena_budova.jpg\"><img loading=\"lazy\" class=\"alignnone size-medium wp-image-345\" src=\"https:\/\/2015.ostravskamuzejninoc.cz\/wp-content\/uploads\/2015\/04\/stara_arena_budova-300x263.jpg\" alt=\"stara_arena_budova\" width=\"300\" height=\"263\" srcset=\"https:\/\/2015.ostravskamuzejninoc.cz\/wp-content\/uploads\/2015\/04\/stara_arena_budova-300x263.jpg 300w, https:\/\/2015.ostravskamuzejninoc.cz\/wp-content\/uploads\/2015\/04\/stara_arena_budova.jpg 800w\" sizes=\"(max-width: 300px) 100vw, 300px\" \/><\/a><\/p>\n<h2>Kontakt:<\/h2>\n<p>Star\u00e1 ar\u00e9na, 28. \u0159\u00edjna 23, Ostrava<br \/>\nE-mail: <a href=\"mailto:program@staraarena.cz\" target=\"_blank\">program@staraarena.cz<\/a><br \/>\nWeb: <a href=\"https:\/\/www.staraarena.cz \" target=\"_blank\">www.staraarena.cz<\/a><br \/>\nTel.: 777 420 152<\/td>\n<\/tr>\n<\/tbody>\n<\/table>\n<p><\/p>","protected":false},"excerpt":{"rendered":"<p>Stara arena Stara arena to obecnie przestrze\u0144 dla kreatywnych z zapleczem kawiarni i sali teatralnej. Powsta\u0142a w czasie kandydowania Ostrawy do tytu\u0142u Europejska Stolica Kultury 2015. W przesz\u0142o\u015bci w tym miejscu dzia\u0142a\u0142 Teatr Muzyczny, a po nim Scena Kameralna Arena. 17.00\u201324.00 \u00a0Wst\u0119p wolny do kawiarni Stara arena 17.00\u201320.00 \u00a0Co p\u00f3\u0142 godziny oprowadzanie po pomieszczeniach Starej [&hellip;]<\/p>\n","protected":false},"author":1,"featured_media":0,"parent":0,"menu_order":0,"comment_status":"closed","ping_status":"closed","template":"","meta":[],"_links":{"self":[{"href":"https:\/\/2015.ostravskamuzejninoc.cz\/pl\/wp-json\/wp\/v2\/pages\/146"}],"collection":[{"href":"https:\/\/2015.ostravskamuzejninoc.cz\/pl\/wp-json\/wp\/v2\/pages"}],"about":[{"href":"https:\/\/2015.ostravskamuzejninoc.cz\/pl\/wp-json\/wp\/v2\/types\/page"}],"author":[{"embeddable":true,"href":"https:\/\/2015.ostravskamuzejninoc.cz\/pl\/wp-json\/wp\/v2\/users\/1"}],"replies":[{"embeddable":true,"href":"https:\/\/2015.ostravskamuzejninoc.cz\/pl\/wp-json\/wp\/v2\/comments?post=146"}],"version-history":[{"count":18,"href":"https:\/\/2015.ostravskamuzejninoc.cz\/pl\/wp-json\/wp\/v2\/pages\/146\/revisions"}],"predecessor-version":[{"id":723,"href":"https:\/\/2015.ostravskamuzejninoc.cz\/pl\/wp-json\/wp\/v2\/pages\/146\/revisions\/723"}],"wp:attachment":[{"href":"https:\/\/2015.ostravskamuzejninoc.cz\/pl\/wp-json\/wp\/v2\/media?parent=146"}],"curies":[{"name":"wp","href":"https:\/\/api.w.org\/{rel}","templated":true}]}}