{"id":220,"date":"2015-05-01T09:35:24","date_gmt":"2015-05-01T08:35:24","guid":{"rendered":"http:\/\/2015.ostravskamuzejninoc.cz\/?page_id=220"},"modified":"2015-06-02T20:24:00","modified_gmt":"2015-06-02T19:24:00","slug":"cesky-cajovna-rashmi","status":"publish","type":"page","link":"https:\/\/2015.ostravskamuzejninoc.cz\/pl\/cesky-cajovna-rashmi\/","title":{"rendered":"Herbaciarnia RASHMI"},"content":{"rendered":"<p><\/p>\n<table class=\"alignleft\" border=\"0\" width=\"700\" cellspacing=\"0\" cellpadding=\"0\">\n<tbody>\n<tr>\n<td valign=\"top\" width=\"380\">\n<h1>Herbaciarnia RASHMI<\/h1>\n<h5>16.00\u201317.00<\/h5>\n<h3>Wernisa\u017c wystawy zdj\u0119\u0107 czeskocieszy\u0144skiego fotografa \u0160imona<strong> Hor\u00e1ka <\/strong><\/h3>\n<p><strong>Fotografie o tematyce muzycznej i reporta\u017cowe<\/strong> + fotografie z cyklu Walks around.<\/p>\n<h5>16.00\u201317.00<\/h5>\n<h3>\u017b<strong>ywy <\/strong>smok i \u015bnie\u017cmy lampart.<\/h3>\n<p>Przed herbaciarni\u0105 Rashmi mo\u017cecie Pa\u0144stwo zobaczy\u0107 \u017cywego smoka lub \u015bnie\u017cnego lamparta przechadzaj\u0105cych si\u0119 w parze. Czy chc\u0105 Pa\u0144stwo pog\u0142aska\u0107 lisa w spodniach panterkach lub sfotografowa\u0107 si\u0119 z wielkim pluszowym misiem? Nic nie stanowi problemu w \u015bwiecie <em>furry<\/em> \u2013 ludzi, kt\u00f3rzy kochaj\u0105 zwierz\u0119ta tak bardzo, \u017ce obstalowali sporz\u0105dzenie zwierz\u0119cych kostium\u00f3w i na\u015bladuj\u0105 zachowanie zwierz\u0105t.<\/p>\n<h5>17.00\u201323.30<\/h5>\n<h3>Wernisa\u017c wystawy W kolorach p\u00f3\u0142nocnego s\u0142o\u0144ca<\/h3>\n<p>Pod t\u0105 tajemnicz\u0105 nazw\u0105 kryje si\u0119 kolekcja obraz\u00f3w, w kt\u00f3rych uchwycone jest wn\u0119trze i fantazja malarki Ryiah. Jej tw\u00f3rczo\u015b\u0107 jest dowodem tego, \u017ce inspiracj\u0119 mo\u017cna znale\u017a\u0107 i w zwyk\u0142ych rzeczach powszedniego \u017cycia. To udaje si\u0119 jej ju\u017c jedena\u015bcie lat. Obrazy b\u0119d\u0105 prezentowane w przedniej cz\u0119\u015bci herbaciarni.<\/p>\n<h5>17.15\u201318.00<\/h5>\n<h3>Poetka Bari Kin czyta swoje wiersze<\/h3>\n<p>Medytacyjna liryka o pi\u0119knie, wyj\u0105tkowo\u015bci i przemijaniu istnienia ludzi i rzeczy. Wiersze powstawa\u0142y w ci\u0105gu ostatnich pi\u0119ciu lat i s\u0105 inspirowane przez konkretne sytuacje \u017cyciowe. Konieczno\u015b\u0107 rezerwacji miejsca.<\/p>\n<h5>18.00\u201322.00<\/h5>\n<h3>Warsztacik artystyczny dla dzieci<\/h3>\n<p>Warsztaty pod okiem herbacianej rusa\u0142ki Ja\u015bminki. Ka\u017cde dziecko odniesie ze sob\u0105 w\u0142asny obrazek w ramce, zak\u0142adk\u0119 do ksi\u0105\u017cki oraz inne rzeczy. Obrazki b\u0119d\u0105 wytwarzane prost\u0105 technik\u0105 \u2013 drukiem przy pomocy plastikowych butelek PET.<\/p>\n<h5>18.00\u201322.00<\/h5>\n<h3>Czytanie bajek m\u0142odszym dzieciom<\/h3>\n<p>O ka\u017cdej ca\u0142ej godzinie b\u0119d\u0105 czytane nietradycyjne bajki herbacianych skrzat\u00f3w o herbaciarni.<\/p>\n<h5>19.00\u201320.00<\/h5>\n<h3>Wyst\u0119p ostrawskiej grupy improwizacji teatralnych <strong>All Imp <\/strong><\/h3>\n<p>Ostrawska grupa improwizacji teatralnych dzia\u0142a ju\u017c drugi rok. All Imp\u00a0 powsta\u0142 z absolwent\u00f3w Centrum Nowego My\u015blenia i Tw\u00f3rczo\u015bci\u2013 Improacademy.\u00a0 Forma teatralna, w kt\u00f3rej tematy wyznaczaj\u0105 Pa\u0144stwo- widzowie lekko\u015b\u0107, niecodzienno\u015b\u0107, dowcip, wiersze, pie\u015bni&#8230; a cel? To, \u017ce wyjdziecie Pa\u0144stwo z u\u015bmiechem na ustach. Rezerwacja miejsca konieczna. Facebook : All Imp, <a href=\"https:\/\/improacademy.cz\" target=\"_blank\">https:\/\/improacademy.cz<\/a><\/p>\n<h5>20.30\u201321.15<\/h5>\n<h3>Recital m\u0142odej ostrawskiej piosenkarki Krist\u00fdny Li\u0161tiakowej.<\/h3>\n<p>Ostrawska piosenkarka tworz\u0105ca w r\u00f3\u017cnych j\u0119zykach. W swoich piosenkach przekazuje cz\u0105stk\u0119 siebie \u2013\u00a0swoje my\u015bli, wra\u017cenia, rado\u015bci \u017cycia. Krist\u00fdna wyst\u0119puje samodzielnie od 2012 roku, pojawi\u0142a si\u0119 tak\u017ce Na Podium w ramach projektu Open Mic<strong>, k<\/strong><strong>t\u00f3ry na dobre zago\u015bci\u0142 w herbaciarni <\/strong>Rashmi. Mniej wi\u0119cej od lata 2014 wsp\u00f3\u0142pracuje z graj\u0105cym na perkusji i b\u0119bnach Jirkou Hor\u00e1kem. Rezerwacja miejsca jest konieczna. <a href=\"https:\/\/www.bandzone.cz\/kristynalistiakova\" target=\"_blank\">\u00a0www.bandzone.cz\/kristynalistiakova<\/a><\/p>\n<h5>21.45\u201322.30<\/h5>\n<h3>Pavl\u00edna Nov\u00e1\u010dkov\u00e1 i Petr Jan Vin\u0161<\/h3>\n<p>Prezentacja urokliwych i magicznych opowiada\u0144 \u017cydowskiego pisarza Leopolda Komperta. Nie zabraknie fragmentu jego noweli <strong>Hauzirnik???<\/strong> Autorem wszystkich t\u0142umacze\u0144 z niemieckiego jest Petr Jan Vin\u0161. Dzie\u0142o literackie nietuzinkowego autora &#8211; kt\u00f3remu do noweli i powie\u015bci wkrad\u0142y si\u0119 uczucia marno\u015bci i strachu, odczucia powszechne w \u017cyciu ubogich ludzi, a zarazem oddanie Bogu &#8211; sk\u0142oni niejednego widza do zamy\u015blenia si\u0119 nad sensem \u017cycia. Rezerwacja miejsca jest konieczna.<\/p>\n<h5>22.30\u201323.30<\/h5>\n<h3>Wernisa\u017c wystawy zdj\u0119\u0107 czeskocieszy\u0144skiego fotografia \u0160imona<strong> Hor\u00e1ka Fotografie o tematyce muzycznej i reporta\u017cowe + fotografie z cyklu Walks. <\/strong><\/h3>\n<p>Podczas przerw przygotowana specjalnie na Noc Muze\u00f3w oferta napoj\u00f3w oraz bufetu do konsumpcji na miejscu lub na wynos. Przyk\u0142ady tw\u00f3rczo\u015bci znajd\u0105 Pa\u0144stwo na Facebooku \u2013 herbaciarnia Rashmi.<\/td>\n<td width=\"20\"><\/td>\n<td valign=\"top\" width=\"300\">\n<div>\n<h2><a href=\"https:\/\/2015.ostravskamuzejninoc.cz\/wp-content\/uploads\/2015\/05\/06_rasmi.jpg\"><img loading=\"lazy\" class=\"alignnone size-medium wp-image-403\" src=\"https:\/\/2015.ostravskamuzejninoc.cz\/wp-content\/uploads\/2015\/05\/06_rasmi-300x288.jpg\" alt=\"06_rasmi\" width=\"300\" height=\"288\" srcset=\"https:\/\/2015.ostravskamuzejninoc.cz\/wp-content\/uploads\/2015\/05\/06_rasmi-300x288.jpg 300w, https:\/\/2015.ostravskamuzejninoc.cz\/wp-content\/uploads\/2015\/05\/06_rasmi.jpg 800w\" sizes=\"(max-width: 300px) 100vw, 300px\" \/><\/a> <a href=\"https:\/\/2015.ostravskamuzejninoc.cz\/wp-content\/uploads\/2015\/05\/01_rasmi.jpg\"><img loading=\"lazy\" class=\"alignnone size-medium wp-image-404\" src=\"https:\/\/2015.ostravskamuzejninoc.cz\/wp-content\/uploads\/2015\/05\/01_rasmi-300x198.jpg\" alt=\"01_rasmi\" width=\"300\" height=\"198\" srcset=\"https:\/\/2015.ostravskamuzejninoc.cz\/wp-content\/uploads\/2015\/05\/01_rasmi-300x198.jpg 300w, https:\/\/2015.ostravskamuzejninoc.cz\/wp-content\/uploads\/2015\/05\/01_rasmi.jpg 800w\" sizes=\"(max-width: 300px) 100vw, 300px\" \/><\/a> <a href=\"https:\/\/2015.ostravskamuzejninoc.cz\/wp-content\/uploads\/2015\/05\/02_rasmi.jpg\"><img loading=\"lazy\" class=\"alignnone size-medium wp-image-405\" src=\"https:\/\/2015.ostravskamuzejninoc.cz\/wp-content\/uploads\/2015\/05\/02_rasmi-300x199.jpg\" alt=\"02_rasmi\" width=\"300\" height=\"199\" srcset=\"https:\/\/2015.ostravskamuzejninoc.cz\/wp-content\/uploads\/2015\/05\/02_rasmi-300x199.jpg 300w, https:\/\/2015.ostravskamuzejninoc.cz\/wp-content\/uploads\/2015\/05\/02_rasmi.jpg 800w\" sizes=\"(max-width: 300px) 100vw, 300px\" \/><\/a> <a href=\"https:\/\/2015.ostravskamuzejninoc.cz\/wp-content\/uploads\/2015\/05\/03_rasmi.jpg\"><img loading=\"lazy\" class=\"alignnone size-medium wp-image-406\" src=\"https:\/\/2015.ostravskamuzejninoc.cz\/wp-content\/uploads\/2015\/05\/03_rasmi-300x225.jpg\" alt=\"03_rasmi\" width=\"300\" height=\"225\" srcset=\"https:\/\/2015.ostravskamuzejninoc.cz\/wp-content\/uploads\/2015\/05\/03_rasmi-300x225.jpg 300w, https:\/\/2015.ostravskamuzejninoc.cz\/wp-content\/uploads\/2015\/05\/03_rasmi.jpg 800w\" sizes=\"(max-width: 300px) 100vw, 300px\" \/><\/a> <a href=\"https:\/\/2015.ostravskamuzejninoc.cz\/wp-content\/uploads\/2015\/05\/04_rasmi.jpg\"><img loading=\"lazy\" class=\"alignnone size-medium wp-image-407\" src=\"https:\/\/2015.ostravskamuzejninoc.cz\/wp-content\/uploads\/2015\/05\/04_rasmi-300x199.jpg\" alt=\"04_rasmi\" width=\"300\" height=\"199\" srcset=\"https:\/\/2015.ostravskamuzejninoc.cz\/wp-content\/uploads\/2015\/05\/04_rasmi-300x199.jpg 300w, https:\/\/2015.ostravskamuzejninoc.cz\/wp-content\/uploads\/2015\/05\/04_rasmi.jpg 800w\" sizes=\"(max-width: 300px) 100vw, 300px\" \/><\/a> <a href=\"https:\/\/2015.ostravskamuzejninoc.cz\/wp-content\/uploads\/2015\/05\/05_rasmi.jpg\"><img loading=\"lazy\" class=\"alignnone size-medium wp-image-408\" src=\"https:\/\/2015.ostravskamuzejninoc.cz\/wp-content\/uploads\/2015\/05\/05_rasmi-300x198.jpg\" alt=\"05_rasmi\" width=\"300\" height=\"198\" srcset=\"https:\/\/2015.ostravskamuzejninoc.cz\/wp-content\/uploads\/2015\/05\/05_rasmi-300x198.jpg 300w, https:\/\/2015.ostravskamuzejninoc.cz\/wp-content\/uploads\/2015\/05\/05_rasmi.jpg 800w\" sizes=\"(max-width: 300px) 100vw, 300px\" \/><\/a><\/h2>\n<h2>Kontakt:<\/h2>\n<\/div>\n<div>\n<p>\u010cajovna RASHMI<br \/>\nHavl\u00ed\u010dkovo n\u00e1m.6189\/27<br \/>\n708 00 Ostrava-Poruba<br \/>\nE-mail: <a href=\"mailto:rashmi@vasecajovny.cz\">rashmi@vasecajovny.cz<\/a><a title=\"\u017delezni\u010dn\u00ed muzeum  moravskoslezsk\u00e9\" href=\"mailto:zmms@zmms.cz\"><br \/>\n<\/a>Web: <a href=\"https:\/\/www.vasecajovny.cz\" target=\"_blank\">www.vasecajovny.cz<\/a><a href=\"https:\/\/www.zmms.cz\/\" target=\"blank\"><br \/>\n<\/a>Tel.: 731\u00a0265 927<\/p>\n<\/div>\n<\/td>\n<\/tr>\n<\/tbody>\n<\/table>\n<p><\/p>","protected":false},"excerpt":{"rendered":"<p>Herbaciarnia RASHMI 16.00\u201317.00 Wernisa\u017c wystawy zdj\u0119\u0107 czeskocieszy\u0144skiego fotografa \u0160imona Hor\u00e1ka Fotografie o tematyce muzycznej i reporta\u017cowe + fotografie z cyklu Walks around. 16.00\u201317.00 \u017bywy smok i \u015bnie\u017cmy lampart. Przed herbaciarni\u0105 Rashmi mo\u017cecie Pa\u0144stwo zobaczy\u0107 \u017cywego smoka lub \u015bnie\u017cnego lamparta przechadzaj\u0105cych si\u0119 w parze. Czy chc\u0105 Pa\u0144stwo pog\u0142aska\u0107 lisa w spodniach panterkach lub sfotografowa\u0107 si\u0119 z [&hellip;]<\/p>\n","protected":false},"author":1,"featured_media":0,"parent":0,"menu_order":0,"comment_status":"closed","ping_status":"closed","template":"","meta":[],"_links":{"self":[{"href":"https:\/\/2015.ostravskamuzejninoc.cz\/pl\/wp-json\/wp\/v2\/pages\/220"}],"collection":[{"href":"https:\/\/2015.ostravskamuzejninoc.cz\/pl\/wp-json\/wp\/v2\/pages"}],"about":[{"href":"https:\/\/2015.ostravskamuzejninoc.cz\/pl\/wp-json\/wp\/v2\/types\/page"}],"author":[{"embeddable":true,"href":"https:\/\/2015.ostravskamuzejninoc.cz\/pl\/wp-json\/wp\/v2\/users\/1"}],"replies":[{"embeddable":true,"href":"https:\/\/2015.ostravskamuzejninoc.cz\/pl\/wp-json\/wp\/v2\/comments?post=220"}],"version-history":[{"count":15,"href":"https:\/\/2015.ostravskamuzejninoc.cz\/pl\/wp-json\/wp\/v2\/pages\/220\/revisions"}],"predecessor-version":[{"id":859,"href":"https:\/\/2015.ostravskamuzejninoc.cz\/pl\/wp-json\/wp\/v2\/pages\/220\/revisions\/859"}],"wp:attachment":[{"href":"https:\/\/2015.ostravskamuzejninoc.cz\/pl\/wp-json\/wp\/v2\/media?parent=220"}],"curies":[{"name":"wp","href":"https:\/\/api.w.org\/{rel}","templated":true}]}}