{"id":240,"date":"2015-05-01T09:54:58","date_gmt":"2015-05-01T08:54:58","guid":{"rendered":"http:\/\/2015.ostravskamuzejninoc.cz\/?page_id=240"},"modified":"2015-05-28T11:33:46","modified_gmt":"2015-05-28T10:33:46","slug":"tyflocentrum-ostrava","status":"publish","type":"page","link":"https:\/\/2015.ostravskamuzejninoc.cz\/pl\/tyflocentrum-ostrava\/","title":{"rendered":"TyfloCentrum Ostrawa"},"content":{"rendered":"<p><\/p>\n<table class=\"alignleft\" border=\"0\" width=\"700\" cellspacing=\"0\" cellpadding=\"0\">\n<tbody>\n<tr>\n<td valign=\"top\" width=\"380\">\n<h1>TyfloCentrum Ostrawa<\/h1>\n<p>W tym roku przywitamy Pa\u0144stwa w nowych pomieszczeniach w centrum miasta.<\/p>\n<h5>18.00\u201323.00<\/h5>\n<h3>\u017bycie w ciemno\u015bci<\/h3>\n<p>V\u00a0TyfloCentrum Ostrawa poka\u017cemy Pa\u0144stwu jak wygl\u0105da \u017cycie w ciemno\u015bci albo inaczej m\u00f3wi\u0105c to, jakie przeszkody musz\u0105 pokona\u0107 niewidomi przy przygotowaniu jedzenia, wyborze ubrania czy drodze do pracy. B\u0119dziecie mogli Pa\u0144stwo wystrzeli\u0107 z d\u017awi\u0119kowego pistoletu oraz na maszynie do pisania Pichta wybi\u0107 swoje imi\u0119 w alfabecie <strong>Braille\u00b4a<\/strong>.<\/p>\n<p>Pocz\u0105tek zwiedzania o ka\u017cdej pe\u0142nej godzinie. Ostatnie wej\u015bcie o godz. 22.00. Konieczno\u015b\u0107 rezerwacji.<\/p>\n<h2>Kontakt:<\/h2>\n<p align=\"left\">TyfloCentrum Ostrava, o.\u2009p.\u2009s.<br \/>\nn\u00e1m\u011bst\u00ed Msgre \u0160r\u00e1mka 1760\/4<br \/>\n702 00 Ostrava<br \/>\nE-mail: <a href=\"mailto:posta@tyflocentrum-ova.cz\">posta@tyflocentrum-ova.cz<\/a><br \/>\nWeb: <a href=\"https:\/\/www.tyflocentrum-ova.cz\/\" target=\"_blank\">www.tyflocentrum-ova.cz<\/a><br \/>\nTel.: 596 783 073<\/p>\n<\/td>\n<td width=\"20\"><\/td>\n<td valign=\"top\" width=\"300\"><img loading=\"lazy\" src=\"https:\/\/2013.ostravskamuzejninoc.cz\/wp-content\/uploads\/2013\/05\/tyflocentrum1.png\" alt=\"tyflocentrum\" width=\"240\" height=\"228\" \/><a class=\"cboxElement\" title=\"TyfloCentrum Ostrava\" href=\"https:\/\/www.2014.ostravskamuzejninoc.cz\/wp-content\/uploads\/2014\/05\/TyfloCentrum_nova_budova.jpg\" rel=\"lightbox[388]\"><img loading=\"lazy\" class=\"aligncenter size-medium wp-image-634\" src=\"https:\/\/2014.ostravskamuzejninoc.cz\/wp-content\/uploads\/2014\/05\/TyfloCentrum_nova_budova-300x225.jpg\" alt=\"TyfloCentrum_nova_budova\" width=\"300\" height=\"225\" \/><\/a><\/p>\n<p><a href=\"https:\/\/2015.ostravskamuzejninoc.cz\/wp-content\/uploads\/2015\/05\/02_tyflocentrum.jpg\"><img loading=\"lazy\" class=\"alignnone size-medium wp-image-429\" src=\"https:\/\/2015.ostravskamuzejninoc.cz\/wp-content\/uploads\/2015\/05\/02_tyflocentrum-300x225.jpg\" alt=\"02_tyflocentrum\" width=\"300\" height=\"225\" srcset=\"https:\/\/2015.ostravskamuzejninoc.cz\/wp-content\/uploads\/2015\/05\/02_tyflocentrum-300x225.jpg 300w, https:\/\/2015.ostravskamuzejninoc.cz\/wp-content\/uploads\/2015\/05\/02_tyflocentrum.jpg 800w\" sizes=\"(max-width: 300px) 100vw, 300px\" \/><\/a> <a href=\"https:\/\/2015.ostravskamuzejninoc.cz\/wp-content\/uploads\/2015\/05\/03_tyflocentrum.jpg\"><img loading=\"lazy\" class=\"alignnone size-medium wp-image-430\" src=\"https:\/\/2015.ostravskamuzejninoc.cz\/wp-content\/uploads\/2015\/05\/03_tyflocentrum-300x225.jpg\" alt=\"03_tyflocentrum\" width=\"300\" height=\"225\" srcset=\"https:\/\/2015.ostravskamuzejninoc.cz\/wp-content\/uploads\/2015\/05\/03_tyflocentrum-300x225.jpg 300w, https:\/\/2015.ostravskamuzejninoc.cz\/wp-content\/uploads\/2015\/05\/03_tyflocentrum.jpg 800w\" sizes=\"(max-width: 300px) 100vw, 300px\" \/><\/a><\/td>\n<\/tr>\n<\/tbody>\n<\/table>\n<p><\/p>","protected":false},"excerpt":{"rendered":"<p>TyfloCentrum Ostrawa W tym roku przywitamy Pa\u0144stwa w nowych pomieszczeniach w centrum miasta. 18.00\u201323.00 \u017bycie w ciemno\u015bci V\u00a0TyfloCentrum Ostrawa poka\u017cemy Pa\u0144stwu jak wygl\u0105da \u017cycie w ciemno\u015bci albo inaczej m\u00f3wi\u0105c to, jakie przeszkody musz\u0105 pokona\u0107 niewidomi przy przygotowaniu jedzenia, wyborze ubrania czy drodze do pracy. B\u0119dziecie mogli Pa\u0144stwo wystrzeli\u0107 z d\u017awi\u0119kowego pistoletu oraz na maszynie do [&hellip;]<\/p>\n","protected":false},"author":1,"featured_media":0,"parent":0,"menu_order":0,"comment_status":"closed","ping_status":"closed","template":"","meta":[],"_links":{"self":[{"href":"https:\/\/2015.ostravskamuzejninoc.cz\/pl\/wp-json\/wp\/v2\/pages\/240"}],"collection":[{"href":"https:\/\/2015.ostravskamuzejninoc.cz\/pl\/wp-json\/wp\/v2\/pages"}],"about":[{"href":"https:\/\/2015.ostravskamuzejninoc.cz\/pl\/wp-json\/wp\/v2\/types\/page"}],"author":[{"embeddable":true,"href":"https:\/\/2015.ostravskamuzejninoc.cz\/pl\/wp-json\/wp\/v2\/users\/1"}],"replies":[{"embeddable":true,"href":"https:\/\/2015.ostravskamuzejninoc.cz\/pl\/wp-json\/wp\/v2\/comments?post=240"}],"version-history":[{"count":8,"href":"https:\/\/2015.ostravskamuzejninoc.cz\/pl\/wp-json\/wp\/v2\/pages\/240\/revisions"}],"predecessor-version":[{"id":819,"href":"https:\/\/2015.ostravskamuzejninoc.cz\/pl\/wp-json\/wp\/v2\/pages\/240\/revisions\/819"}],"wp:attachment":[{"href":"https:\/\/2015.ostravskamuzejninoc.cz\/pl\/wp-json\/wp\/v2\/media?parent=240"}],"curies":[{"name":"wp","href":"https:\/\/api.w.org\/{rel}","templated":true}]}}